{"id":279,"date":"2016-01-21T13:07:32","date_gmt":"2016-01-21T13:07:32","guid":{"rendered":"http:\/\/lapida.com.br\/sites\/pithan\/?page_id=279"},"modified":"2020-01-04T17:25:49","modified_gmt":"2020-01-04T17:25:49","slug":"evangelizacao","status":"publish","type":"page","link":"https:\/\/abrigoespiritaoscarpithan.com.br\/?page_id=279","title":{"rendered":"Evangeliza\u00e7\u00e3o infanto-juvenil"},"content":{"rendered":"<h3 style=\"text-align: left;\">O que \u00e9 a evangeliza\u00e7\u00e3o esp\u00edrita infanto-juvenil?<\/h3>\n<blockquote>\n<p style=\"text-align: left;\"><em>&#8220;[\u2026] educar uma crian\u00e7a e um jovem \u00e0 luz do Espiritismo\u00a0<\/em><em>\u00e9 semear luz pelos caminhos do futuro\u2026&#8221;<br \/>\n<\/em><em>Vianna de Carvalho<sup>1<\/sup><\/em><\/p>\n<\/blockquote>\n<p>Evangeliza\u00e7\u00e3o Esp\u00edrita Infanto-juvenil \u00e9 toda a atividade voltada ao estudo da Doutrina Esp\u00edrita e \u00e0 viv\u00eancia do Evangelho de Jesus junto \u00e0 crian\u00e7a e ao jovem.<\/p>\n<p>Sua a\u00e7\u00e3o visa:<\/p>\n<ul>\n<li>promover a integra\u00e7\u00e3o do evangelizando consigo mesmo, com o pr\u00f3ximo e com Deus;<\/li>\n<li>proporcionar o estudo da lei natural que rege o Universo e da \u201cnatureza, origem e destino dos Esp\u00edritos bem como de suas rela\u00e7\u00f5es com o mundo corporal\u201d (Allan Kardec, O que \u00e9 o Espiritismo, Pre\u00e2mbulo); e<\/li>\n<li>oferecer ao evangelizando a oportunidade de perceber-se como ser integral, cr\u00edtico, consciente,\u00a0 participativo, herdeiro de si mesmo, cidad\u00e3o do Universo, agente de transforma\u00e7\u00e3o de seu meio, rumo \u00e0 toda perfei\u00e7\u00e3o de que \u00e9 suscet\u00edvel. (Cec\u00edlia Rocha e equipe. Curr\u00edculo para as Escolas de Evangeliza\u00e7\u00e3o Esp\u00edrita Infantojuvenil. 4. ed. 2. reimp. Rio de Janeiro: FEB, 2011.)<\/li>\n<\/ul>\n<p>Na Institui\u00e7\u00e3o Esp\u00edrita, a atividade de Evangeliza\u00e7\u00e3o abrange as aulas de evangeliza\u00e7\u00e3o esp\u00edrita, momento especial de conviv\u00eancia, aprendizado, reflex\u00e3o, compartilhamento de experi\u00eancias e constru\u00e7\u00e3o de v\u00ednculos de amizade e de fraternidade entre as crian\u00e7as e os jovens frequentadores.<\/p>\n<p>A a\u00e7\u00e3o evangelizadora envolve, ainda, pais e familiares, convidando-os a participarem de grupos ou reuni\u00f5es voltados ao estudo de temas relacionados \u00e0 vida em fam\u00edlia, fundamentados \u00e0 luz da Doutrina Esp\u00edrita.<\/p>\n<p>A relev\u00e2ncia da tarefa \u00e9 destacada por v\u00e1rios benfeitores espirituais, dentre eles, Guillon Ribeiro<sup>2<\/sup>, ao afirmar que \u201c\u00e9 imperioso se reconhe\u00e7a na evangeliza\u00e7\u00e3o das almas tarefa da mais alta express\u00e3o na atualidade da Doutrina Esp\u00edrita\u201d; e Vianna de Carvalho<sup>1<\/sup>, ao sintetizar que:<\/p>\n<blockquote>\n<p style=\"text-align: left;\"><em>\u00a0[\u2026] \u00e0 Evangeliza\u00e7\u00e3o Esp\u00edrita Infanto-juvenil cabe a indeclin\u00e1vel tarefa educacional de preparar os futuros cidad\u00e3os desde cedo, habilitando-os com as sublimes ferramentas do conhecimento e do amor para o desempenho dos compromissos que lhes cumprir\u00e1 atender, edificando a nova sociedade do amanh\u00e3.<sup>1<\/sup><\/em><\/p>\n<\/blockquote>\n<p><sup>1<\/sup>Vianna de Carvalho (P\u00e1gina psicografada pelo m\u00e9dium Divaldo Pereira Franco, no dia 26 de fevereiro de 2007, em Miami, Fla. USA. Fonte: <em>Apostila Entrevista com o Esp\u00edrito Vianna de Carvalho<\/em>, FEB, 30 anos da Campanha de Evangeliza\u00e7\u00e3o Esp\u00edrita Infantojuvenil)<\/p>\n<p><sup>2<\/sup>Guillon Ribeiro (P\u00e1gina recebida em 1963, durante o 1\u00ba\u00a0Curso de Prepara\u00e7\u00e3o de Evangelizadores \u2014 CIPE, realizado pela Federa\u00e7\u00e3o Esp\u00edrita do Estado do Esp\u00edrito Santo, pelo m\u00e9dium J\u00falio Cezar Grandi Ribeiro. Fonte: <em>Apostila Opini\u00e3o dos Esp\u00edritos sobre a Evangeliza\u00e7\u00e3o Esp\u00edrita Infantojuvenil<\/em>, FEB)<\/p>\n<p>Fonte:\u00a0<a href=\"http:\/\/www.febnet.org.br\/blog\/geral\/estudos\/o-que-e-evangelizacao-espirita-infantojuvenil\/\">http:\/\/www.febnet.org.br\/blog\/geral\/estudos\/o-que-e-evangelizacao-espirita-infantojuvenil\/<\/a><\/p>\n<h3>Hor\u00e1rio da evangeliza\u00e7\u00e3o infanto-juvenil<\/h3>\n<p>S\u00e1bados: das 14h \u00e0s 15h15<\/p>\n<p>Per\u00edodo:\u00a0mar\u00e7o a dezembro<\/p>\n<p>Idade: a partir de 3 anos<\/p>\n<p>In\u00edcio das atividades: segundo s\u00e1bado de mar\u00e7o<\/p>\n","protected":false},"excerpt":{"rendered":"<p>O que \u00e9 a evangeliza\u00e7\u00e3o esp\u00edrita infanto-juvenil? &#8220;[\u2026] educar uma crian\u00e7a e um jovem \u00e0 luz do Espiritismo\u00a0\u00e9 semear luz pelos caminhos do futuro\u2026&#8221; Vianna de Carvalho1 Evangeliza\u00e7\u00e3o Esp\u00edrita Infanto-juvenil \u00e9 toda a atividade voltada ao estudo da Doutrina Esp\u00edrita<\/p>\n","protected":false},"author":1,"featured_media":0,"parent":26,"menu_order":0,"comment_status":"closed","ping_status":"closed","template":"","meta":{"footnotes":""},"class_list":["post-279","page","type-page","status-publish","hentry"],"yoast_head":"<!-- This site is optimized with the Yoast SEO plugin v27.5 - https:\/\/yoast.com\/product\/yoast-seo-wordpress\/ -->\n<title>Evangeliza\u00e7\u00e3o infanto-juvenil - Abrigo Esp\u00edrita Oscar Jos\u00e9 Pithan<\/title>\n<meta name=\"description\" content=\"O Abrigo Esp\u00edrita Oscar Jos\u00e9 Pithan \u00e9 um centro esp\u00edrita e um asilo de idosos, localizado em Santa Maria, Rio Grande do Sul. Est\u00e1 em atividade desde 1949. Como sociedade esp\u00edrita, oferece palestras, passes, atendimento fraterno, evangeliza\u00e7\u00e3o infanto-juvenil e grupos de estudos da doutrina esp\u00edrita, codificada por Allan Kardec.\" \/>\n<meta name=\"robots\" content=\"index, follow, max-snippet:-1, max-image-preview:large, max-video-preview:-1\" \/>\n<link rel=\"canonical\" href=\"https:\/\/abrigoespiritaoscarpithan.com.br\/?page_id=279\" \/>\n<meta property=\"og:locale\" content=\"pt_BR\" \/>\n<meta property=\"og:type\" content=\"article\" \/>\n<meta property=\"og:title\" content=\"Evangeliza\u00e7\u00e3o infanto-juvenil - Abrigo Esp\u00edrita Oscar Jos\u00e9 Pithan\" \/>\n<meta property=\"og:description\" content=\"O Abrigo Esp\u00edrita Oscar Jos\u00e9 Pithan \u00e9 um centro esp\u00edrita e um asilo de idosos, localizado em Santa Maria, Rio Grande do Sul. Est\u00e1 em atividade desde 1949. Como sociedade esp\u00edrita, oferece palestras, passes, atendimento fraterno, evangeliza\u00e7\u00e3o infanto-juvenil e grupos de estudos da doutrina esp\u00edrita, codificada por Allan Kardec.\" \/>\n<meta property=\"og:url\" content=\"https:\/\/abrigoespiritaoscarpithan.com.br\/?page_id=279\" \/>\n<meta property=\"og:site_name\" content=\"Abrigo Esp\u00edrita Oscar Jos\u00e9 Pithan\" \/>\n<meta property=\"article:publisher\" content=\"https:\/\/www.facebook.com\/abrigopithan\/\" \/>\n<meta property=\"article:modified_time\" content=\"2020-01-04T17:25:49+00:00\" \/>\n<meta name=\"twitter:card\" content=\"summary_large_image\" \/>\n<meta name=\"twitter:label1\" content=\"Est. tempo de leitura\" \/>\n\t<meta name=\"twitter:data1\" content=\"2 minutos\" \/>\n<script type=\"application\/ld+json\" class=\"yoast-schema-graph\">{\"@context\":\"https:\\\/\\\/schema.org\",\"@graph\":[{\"@type\":\"WebPage\",\"@id\":\"https:\\\/\\\/abrigoespiritaoscarpithan.com.br\\\/?page_id=279\",\"url\":\"https:\\\/\\\/abrigoespiritaoscarpithan.com.br\\\/?page_id=279\",\"name\":\"Evangeliza\u00e7\u00e3o infanto-juvenil - Abrigo Esp\u00edrita Oscar Jos\u00e9 Pithan\",\"isPartOf\":{\"@id\":\"https:\\\/\\\/abrigoespiritaoscarpithan.com.br\\\/#website\"},\"datePublished\":\"2016-01-21T13:07:32+00:00\",\"dateModified\":\"2020-01-04T17:25:49+00:00\",\"description\":\"O Abrigo Esp\u00edrita Oscar Jos\u00e9 Pithan \u00e9 um centro esp\u00edrita e um asilo de idosos, localizado em Santa Maria, Rio Grande do Sul. Est\u00e1 em atividade desde 1949. Como sociedade esp\u00edrita, oferece palestras, passes, atendimento fraterno, evangeliza\u00e7\u00e3o infanto-juvenil e grupos de estudos da doutrina esp\u00edrita, codificada por Allan Kardec.\",\"breadcrumb\":{\"@id\":\"https:\\\/\\\/abrigoespiritaoscarpithan.com.br\\\/?page_id=279#breadcrumb\"},\"inLanguage\":\"pt-BR\",\"potentialAction\":[{\"@type\":\"ReadAction\",\"target\":[\"https:\\\/\\\/abrigoespiritaoscarpithan.com.br\\\/?page_id=279\"]}]},{\"@type\":\"BreadcrumbList\",\"@id\":\"https:\\\/\\\/abrigoespiritaoscarpithan.com.br\\\/?page_id=279#breadcrumb\",\"itemListElement\":[{\"@type\":\"ListItem\",\"position\":1,\"name\":\"In\u00edcio\",\"item\":\"https:\\\/\\\/abrigoespiritaoscarpithan.com.br\\\/\"},{\"@type\":\"ListItem\",\"position\":2,\"name\":\"ATIVIDADES\",\"item\":\"https:\\\/\\\/abrigoespiritaoscarpithan.com.br\\\/?page_id=26\"},{\"@type\":\"ListItem\",\"position\":3,\"name\":\"Evangeliza\u00e7\u00e3o infanto-juvenil\"}]},{\"@type\":\"WebSite\",\"@id\":\"https:\\\/\\\/abrigoespiritaoscarpithan.com.br\\\/#website\",\"url\":\"https:\\\/\\\/abrigoespiritaoscarpithan.com.br\\\/\",\"name\":\"Abrigo Esp\u00edrita Oscar Jos\u00e9 Pithan\",\"description\":\"\",\"publisher\":{\"@id\":\"https:\\\/\\\/abrigoespiritaoscarpithan.com.br\\\/#organization\"},\"potentialAction\":[{\"@type\":\"SearchAction\",\"target\":{\"@type\":\"EntryPoint\",\"urlTemplate\":\"https:\\\/\\\/abrigoespiritaoscarpithan.com.br\\\/?s={search_term_string}\"},\"query-input\":{\"@type\":\"PropertyValueSpecification\",\"valueRequired\":true,\"valueName\":\"search_term_string\"}}],\"inLanguage\":\"pt-BR\"},{\"@type\":\"Organization\",\"@id\":\"https:\\\/\\\/abrigoespiritaoscarpithan.com.br\\\/#organization\",\"name\":\"Abrigo Esp\u00edrita Oscar Jos\u00e9 Pithan\",\"url\":\"https:\\\/\\\/abrigoespiritaoscarpithan.com.br\\\/\",\"logo\":{\"@type\":\"ImageObject\",\"inLanguage\":\"pt-BR\",\"@id\":\"https:\\\/\\\/abrigoespiritaoscarpithan.com.br\\\/#\\\/schema\\\/logo\\\/image\\\/\",\"url\":\"http:\\\/\\\/abrigoespiritaoscarpithan.com.br\\\/wp-content\\\/uploads\\\/2019\\\/09\\\/logo-abrigo.png\",\"contentUrl\":\"http:\\\/\\\/abrigoespiritaoscarpithan.com.br\\\/wp-content\\\/uploads\\\/2019\\\/09\\\/logo-abrigo.png\",\"width\":2915,\"height\":1812,\"caption\":\"Abrigo Esp\u00edrita Oscar Jos\u00e9 Pithan\"},\"image\":{\"@id\":\"https:\\\/\\\/abrigoespiritaoscarpithan.com.br\\\/#\\\/schema\\\/logo\\\/image\\\/\"},\"sameAs\":[\"https:\\\/\\\/www.facebook.com\\\/abrigopithan\\\/\",\"https:\\\/\\\/www.instagram.com\\\/oscarpithan\\\/\",\"https:\\\/\\\/www.youtube.com\\\/abrigoespiritaoscarjosepithansantamaria\"]}]}<\/script>\n<!-- \/ Yoast SEO plugin. -->","yoast_head_json":{"title":"Evangeliza\u00e7\u00e3o infanto-juvenil - Abrigo Esp\u00edrita Oscar Jos\u00e9 Pithan","description":"O Abrigo Esp\u00edrita Oscar Jos\u00e9 Pithan \u00e9 um centro esp\u00edrita e um asilo de idosos, localizado em Santa Maria, Rio Grande do Sul. Est\u00e1 em atividade desde 1949. Como sociedade esp\u00edrita, oferece palestras, passes, atendimento fraterno, evangeliza\u00e7\u00e3o infanto-juvenil e grupos de estudos da doutrina esp\u00edrita, codificada por Allan Kardec.","robots":{"index":"index","follow":"follow","max-snippet":"max-snippet:-1","max-image-preview":"max-image-preview:large","max-video-preview":"max-video-preview:-1"},"canonical":"https:\/\/abrigoespiritaoscarpithan.com.br\/?page_id=279","og_locale":"pt_BR","og_type":"article","og_title":"Evangeliza\u00e7\u00e3o infanto-juvenil - Abrigo Esp\u00edrita Oscar Jos\u00e9 Pithan","og_description":"O Abrigo Esp\u00edrita Oscar Jos\u00e9 Pithan \u00e9 um centro esp\u00edrita e um asilo de idosos, localizado em Santa Maria, Rio Grande do Sul. Est\u00e1 em atividade desde 1949. Como sociedade esp\u00edrita, oferece palestras, passes, atendimento fraterno, evangeliza\u00e7\u00e3o infanto-juvenil e grupos de estudos da doutrina esp\u00edrita, codificada por Allan Kardec.","og_url":"https:\/\/abrigoespiritaoscarpithan.com.br\/?page_id=279","og_site_name":"Abrigo Esp\u00edrita Oscar Jos\u00e9 Pithan","article_publisher":"https:\/\/www.facebook.com\/abrigopithan\/","article_modified_time":"2020-01-04T17:25:49+00:00","twitter_card":"summary_large_image","twitter_misc":{"Est. tempo de leitura":"2 minutos"},"schema":{"@context":"https:\/\/schema.org","@graph":[{"@type":"WebPage","@id":"https:\/\/abrigoespiritaoscarpithan.com.br\/?page_id=279","url":"https:\/\/abrigoespiritaoscarpithan.com.br\/?page_id=279","name":"Evangeliza\u00e7\u00e3o infanto-juvenil - Abrigo Esp\u00edrita Oscar Jos\u00e9 Pithan","isPartOf":{"@id":"https:\/\/abrigoespiritaoscarpithan.com.br\/#website"},"datePublished":"2016-01-21T13:07:32+00:00","dateModified":"2020-01-04T17:25:49+00:00","description":"O Abrigo Esp\u00edrita Oscar Jos\u00e9 Pithan \u00e9 um centro esp\u00edrita e um asilo de idosos, localizado em Santa Maria, Rio Grande do Sul. Est\u00e1 em atividade desde 1949. Como sociedade esp\u00edrita, oferece palestras, passes, atendimento fraterno, evangeliza\u00e7\u00e3o infanto-juvenil e grupos de estudos da doutrina esp\u00edrita, codificada por Allan Kardec.","breadcrumb":{"@id":"https:\/\/abrigoespiritaoscarpithan.com.br\/?page_id=279#breadcrumb"},"inLanguage":"pt-BR","potentialAction":[{"@type":"ReadAction","target":["https:\/\/abrigoespiritaoscarpithan.com.br\/?page_id=279"]}]},{"@type":"BreadcrumbList","@id":"https:\/\/abrigoespiritaoscarpithan.com.br\/?page_id=279#breadcrumb","itemListElement":[{"@type":"ListItem","position":1,"name":"In\u00edcio","item":"https:\/\/abrigoespiritaoscarpithan.com.br\/"},{"@type":"ListItem","position":2,"name":"ATIVIDADES","item":"https:\/\/abrigoespiritaoscarpithan.com.br\/?page_id=26"},{"@type":"ListItem","position":3,"name":"Evangeliza\u00e7\u00e3o infanto-juvenil"}]},{"@type":"WebSite","@id":"https:\/\/abrigoespiritaoscarpithan.com.br\/#website","url":"https:\/\/abrigoespiritaoscarpithan.com.br\/","name":"Abrigo Esp\u00edrita Oscar Jos\u00e9 Pithan","description":"","publisher":{"@id":"https:\/\/abrigoespiritaoscarpithan.com.br\/#organization"},"potentialAction":[{"@type":"SearchAction","target":{"@type":"EntryPoint","urlTemplate":"https:\/\/abrigoespiritaoscarpithan.com.br\/?s={search_term_string}"},"query-input":{"@type":"PropertyValueSpecification","valueRequired":true,"valueName":"search_term_string"}}],"inLanguage":"pt-BR"},{"@type":"Organization","@id":"https:\/\/abrigoespiritaoscarpithan.com.br\/#organization","name":"Abrigo Esp\u00edrita Oscar Jos\u00e9 Pithan","url":"https:\/\/abrigoespiritaoscarpithan.com.br\/","logo":{"@type":"ImageObject","inLanguage":"pt-BR","@id":"https:\/\/abrigoespiritaoscarpithan.com.br\/#\/schema\/logo\/image\/","url":"http:\/\/abrigoespiritaoscarpithan.com.br\/wp-content\/uploads\/2019\/09\/logo-abrigo.png","contentUrl":"http:\/\/abrigoespiritaoscarpithan.com.br\/wp-content\/uploads\/2019\/09\/logo-abrigo.png","width":2915,"height":1812,"caption":"Abrigo Esp\u00edrita Oscar Jos\u00e9 Pithan"},"image":{"@id":"https:\/\/abrigoespiritaoscarpithan.com.br\/#\/schema\/logo\/image\/"},"sameAs":["https:\/\/www.facebook.com\/abrigopithan\/","https:\/\/www.instagram.com\/oscarpithan\/","https:\/\/www.youtube.com\/abrigoespiritaoscarjosepithansantamaria"]}]}},"_links":{"self":[{"href":"https:\/\/abrigoespiritaoscarpithan.com.br\/index.php?rest_route=\/wp\/v2\/pages\/279","targetHints":{"allow":["GET"]}}],"collection":[{"href":"https:\/\/abrigoespiritaoscarpithan.com.br\/index.php?rest_route=\/wp\/v2\/pages"}],"about":[{"href":"https:\/\/abrigoespiritaoscarpithan.com.br\/index.php?rest_route=\/wp\/v2\/types\/page"}],"author":[{"embeddable":true,"href":"https:\/\/abrigoespiritaoscarpithan.com.br\/index.php?rest_route=\/wp\/v2\/users\/1"}],"replies":[{"embeddable":true,"href":"https:\/\/abrigoespiritaoscarpithan.com.br\/index.php?rest_route=%2Fwp%2Fv2%2Fcomments&post=279"}],"version-history":[{"count":6,"href":"https:\/\/abrigoespiritaoscarpithan.com.br\/index.php?rest_route=\/wp\/v2\/pages\/279\/revisions"}],"predecessor-version":[{"id":2084,"href":"https:\/\/abrigoespiritaoscarpithan.com.br\/index.php?rest_route=\/wp\/v2\/pages\/279\/revisions\/2084"}],"up":[{"embeddable":true,"href":"https:\/\/abrigoespiritaoscarpithan.com.br\/index.php?rest_route=\/wp\/v2\/pages\/26"}],"wp:attachment":[{"href":"https:\/\/abrigoespiritaoscarpithan.com.br\/index.php?rest_route=%2Fwp%2Fv2%2Fmedia&parent=279"}],"curies":[{"name":"wp","href":"https:\/\/api.w.org\/{rel}","templated":true}]}}